{"id":26668,"date":"2024-08-16T07:38:29","date_gmt":"2024-08-16T07:38:29","guid":{"rendered":"https:\/\/regulus-waldholz.de\/?page_id=26668"},"modified":"2026-04-06T14:48:47","modified_gmt":"2026-04-06T14:48:47","slug":"bildnachweis","status":"publish","type":"page","link":"https:\/\/regulus-waldholz.de\/en\/bildnachweis\/","title":{"rendered":"Picture Credits"},"content":{"rendered":"<div class=\"brz-root__container brz-reset-all brz brz-root__container-page\">\n<section id=\"_ycgunmjounniizstvmkpubxyzijedtfzqgvy\" class=\"brz-section brz-css-164ya6b\">\n<div class=\"brz-section__content brz-section--boxed brz-css-186sqen\" data-brz-custom-id=\"hofbbbigwwuxjenfgyumaoyluaapkwwefxmz\">\n<div class=\"brz-container brz-css-1qg5nr6\">\n<div id=\"\" class=\"brz-css-1qnf4x5 brz-wrapper\">\n<div class=\"brz-rich-text brz-rich-text__custom brz-css-1rkozx3\" data-brz-custom-id=\"dymlmrdhkfazawiemejwdjfobppklkwxjeft\">\n<div data-brz-translate-text=\"1\">\n<h1 class=\"brz-tp-lg-heading1 brz-lh-lg-1_6 brz-ls-lg-0 brz-fw-lg-400 brz-fss-lg-px brz-fs-lg-16 brz-ft-upload brz-ff-vlrydgomvryeylapbxihpexweubhquwlamdc brz-css-nQo_Y\" data-generated-css=\"brz-css-qEi9u\" data-uniq-id=\"dIQkd\"><span class=\"brz-cp-color2\">Picture Credits <\/span><\/h1>\n<\/div>\n<\/div>\n<\/div>\n<div id=\"\" class=\"brz-css-1qnf4x5 brz-wrapper\">\n<div class=\"brz-rich-text brz-rich-text__custom brz-css-1rkozx3\" data-brz-custom-id=\"bWXbsXddoYtg\">\n<div data-brz-translate-text=\"1\">\n<p class=\"brz-tp-lg-paragraph brz-css-lCKJR\" data-uniq-id=\"bkAya\" data-generated-css=\"brz-css-uUAgk\"><strong><u>REGULUS-Startseite<\/u><\/strong><\/p>\n<ul>\n<li class=\"brz-tp-lg-paragraph brz-css-l49E4\" data-uniq-id=\"ar1gU\" data-generated-css=\"brz-css-po68s\"><strong>HEADER:<\/strong> Blick in einen Mischwald mit gesch\u00e4ltem, querliegendem Polter davor; <em>\u00a9 Andy Selter<\/em><\/li>\n<li class=\"brz-tp-lg-paragraph brz-css-fzaPi\" data-uniq-id=\"x1OfW\" data-generated-css=\"brz-css-sO2ms\"><strong>HIGHLIGHTS:<\/strong> Prof. Dr. Kleinschmit auf der B\u00fchne der IUFRO zur Antrittsrede als Pr\u00e4sidentin; <em>\u00a9 Andy Selter<\/em><\/li>\n<\/ul>\n<p class=\"brz-tp-lg-paragraph brz-css-pzSVm\" data-uniq-id=\"kUBPH\" data-generated-css=\"brz-css-bu30s\"><\/p>\n<p class=\"brz-tp-lg-paragraph brz-css-cHH1O\" data-uniq-id=\"r0HSb\" data-generated-css=\"brz-css-pWCEQ\"><strong><u>About REGULUS<\/u><\/strong><\/p>\n<ul>\n<li class=\"brz-tp-lg-paragraph brz-css-nm64g\" data-uniq-id=\"p7cVJ\" data-generated-css=\"brz-css-pFJPR\"><strong>HEADER:<\/strong><span> Blick in einen sonnenbeschienenden, frischgr\u00fcnenden Mischwald auf einer mit hohem Gras bewachsenen R\u00fcckegasse stehend; <\/span><em>\u00a9 Th\u00fcnen Institut f\u00fcr Wald\u00f6kosysteme<\/em><\/li>\n<li class=\"brz-tp-lg-paragraph brz-css-kD8vR\" data-uniq-id=\"dpUyd\" data-generated-css=\"brz-css-jIBd8\"><strong>KEYPICTURE:<\/strong><span> Blick in einen Fichtenbestand mit Holzpolter bei diesiger Witterung; <\/span><em>\u00a9 Th\u00fcnen Institut f\u00fcr Wald\u00f6kosysteme<\/em><\/li>\n<\/ul>\n<p class=\"brz-tp-lg-paragraph brz-css-lPy3f\" data-uniq-id=\"z_TYl\" data-generated-css=\"brz-css-lBUbV\"><\/p>\n<p class=\"brz-tp-lg-paragraph brz-css-phe5N\" data-uniq-id=\"y1cxr\" data-generated-css=\"brz-css-n4TyO\"><strong><u>REGULUS innovation groups<\/u><\/strong><\/p>\n<ul>\n<li class=\"brz-tp-lg-paragraph brz-css-fyTJL\" data-uniq-id=\"ffq8A\" data-generated-css=\"brz-css-kTfEq\"><strong>HEADER:<\/strong><span> Luftaufnahme \u00fcber Mischwald mit Baumgruppen und diagolan verlaufendem roten Wanderpfad; <\/span><em>\u00a9 Stefan Arendt &#8211; stock.adobe.com, ID: 11570353<\/em><\/li>\n<li class=\"brz-tp-lg-paragraph brz-css-jQOy4\" data-uniq-id=\"sX7Sh\" data-generated-css=\"brz-css-s6PxN\"><strong>LOGOS: <\/strong><\/li>\n<li class=\"brz-tp-lg-paragraph brz-css-uRnw7\" data-uniq-id=\"top9B\" data-generated-css=\"brz-css-pcBMT\"><strong>ADAPT:<\/strong> Projektname in grafischer Baumscheibe mit Kiefernzapfen; <em>\u00a9 ADAPT-Wald-Holz<\/em><\/li>\n<li class=\"brz-tp-lg-paragraph brz-css-cpFUG\" data-uniq-id=\"tkeho\" data-generated-css=\"brz-css-egON6\"><strong>ISAR:<\/strong> Projektname neben grafischer Holzdiele mit Maserung; <em>\u00a9 ISAR &#8211; Altholz innovativ<\/em><\/li>\n<li class=\"brz-tp-lg-paragraph brz-css-jQrTs\" data-uniq-id=\"zECgk\" data-generated-css=\"brz-css-lxRTj\"><strong>TreeDigitalTwins:<\/strong> Projektname unter blauem Kreis mit der Punktewolke eines Baumes (links) und rechts daneben gr\u00fcner Kreis mit grafischem, ver\u00e4steltem Baum; <em>\u00a9 TreeDigitalTwins<\/em><\/li>\n<li class=\"brz-tp-lg-paragraph brz-css-vErer\" data-uniq-id=\"k1l1_\" data-generated-css=\"brz-css-r5l_B\"><strong>ResEt-Fi:<\/strong> Projektname in einer unteren gr\u00fcnen Welle eines Kreises und dar\u00fcber eine Wald aus grafischen Nadel- und Laubwald und seinen Herausforderungen Trockenheit und Borkenk\u00e4fer; <em>\u00a9 ResEt-Fi<\/em><\/li>\n<li class=\"brz-tp-lg-paragraph brz-css-zVvyc\" data-uniq-id=\"wwPXt\" data-generated-css=\"brz-css-oEcJe\"><strong>WaldlabOR:<\/strong> rechts Projektname neben hellblauem und hellgr\u00fcnem Kreisen die in ihrer elipsenf\u00f6rmigen \u00dcberlappung einen grafischen Baum bzw. ein Blatt bilden; <em>\u00a9 WaldlabOR<\/em><\/li>\n<\/ul>\n<p class=\"brz-tp-lg-paragraph brz-css-uk7PJ\" data-uniq-id=\"klhfk\" data-generated-css=\"brz-css-hJFjf\">&nbsp;<\/p>\n<p class=\"brz-tp-lg-paragraph brz-css-a3FM7\" data-uniq-id=\"hUJY8\" data-generated-css=\"brz-css-oy2ES\"><strong><u>REGULUS-Querschnittsthemen<\/u><\/strong><\/p>\n<ul>\n<li class=\"brz-tp-lg-paragraph brz-css-a5TD6\" data-uniq-id=\"wNUoO\" data-generated-css=\"brz-css-sozZD\"><strong>HEADER \u00dcbersicht:<\/strong><span> <\/span>Vogelperspektive auf Wald mit horizontal durch Aufnahme verlaufender Schotterstra\u00dfe die senkrecht von zwei weiteren Schotterstra\u00dfen gekreuzt wird; <em>\u00a9 Robert Kneschke &#8211; stock.adobe.com, ID: 332964388<\/em><\/li>\n<li class=\"brz-tp-lg-paragraph brz-css-sIgpP\" data-uniq-id=\"mEK2C\" data-generated-css=\"brz-css-eRalH\"><strong>HEADER QST 1:<\/strong><span> Blick nach oben ins Bl\u00e4tterdach einer Rotbuche gegen das Licht, durchscheinende Blattadern und Ver\u00e4stelungen; <\/span><em>\u00a9 Stephan &#8211; stock.adobe.com, ID: 353822885<\/em><\/li>\n<li class=\"brz-tp-lg-paragraph brz-css-vRRUE\" data-uniq-id=\"vbmFg\" data-generated-css=\"brz-css-rZFdi\"><strong>HEADER QST 2:<\/strong> Sonnenbeschienene, ausgebreitete Frauenhand am Baumstamm einer Kiefer; <em>\u00a9 Ed &#8211; stock.adobe.com, ID: 654238887<\/em><\/li>\n<li class=\"brz-tp-lg-paragraph brz-css-aA9ts\" data-uniq-id=\"d2Rxg\" data-generated-css=\"brz-css-wo8L2\"><strong>HEADER QST 3:<\/strong> Technisch generierte Grafik einer h\u00fcgeligen gr\u00fcnen teils bewaldeten Landschaft mit hellen Sektorlinien; <em>\u00a9 Goodwave Studio &#8211; stock.adobe.com, ID: 815716346<\/em><\/li>\n<li class=\"brz-tp-lg-paragraph brz-css-wQUtw\" data-uniq-id=\"yTbOE\" data-generated-css=\"brz-css-ok7QY\"><strong>HEADER QST 4:<\/strong> Seitliche Nahaufnahme eines Fichtensch\u00f6\u00dfling auf feuchtem, holzigem, vermoostem Waldboden; <em>\u00a9 LemsArt &#8211; stock.adobe.com, ID: 383094347<\/em><\/li>\n<li class=\"brz-tp-lg-paragraph brz-css-fLlJC\" data-uniq-id=\"xL09O\" data-generated-css=\"brz-css-l2z0G\"><strong>HEADER QST 5:<\/strong> Seitliche Luftaufnahme einer Drohne einer weitl\u00e4ufigen bis zum Horizont verlaufenden Fichtenkalamit\u00e4t mit breit ausgefahrenem Wirtschaftsweg und mehreren langen, hohen Holzpoltern an dessen beiden Seiten; <em>\u00a9 dk-fotowelt &#8211; stock.adobe.com, ID: 391719601<\/em><\/li>\n<\/ul>\n<p class=\"brz-tp-lg-paragraph brz-css-xl4xQ\" data-uniq-id=\"cidbU\" data-generated-css=\"brz-css-bCj10\"><\/p>\n<p class=\"brz-tp-lg-paragraph brz-css-p7kNH\" data-uniq-id=\"uICTp\" data-generated-css=\"brz-css-ofwyu\"><strong><u>Aktuelles aus REGULUS<\/u><\/strong><\/p>\n<ul>\n<li class=\"brz-tp-lg-paragraph brz-css-cwpY2\" data-uniq-id=\"wmNmI\" data-generated-css=\"brz-css-riKRi\"><strong>HEADER:<\/strong> Seitliche Nahaufnahme der Pflanzung von Nadelbaumsch\u00f6\u00dflingen in sonnenbeschienenem lockeren Erdboden; <em>\u00a9 killykoon &#8211; stock.adobe.com, ID: 616646938<\/em><\/li>\n<li class=\"brz-tp-lg-paragraph brz-css-bikp3\" data-uniq-id=\"eq_83\" data-generated-css=\"brz-css-qSxlw\"><strong>BEITR\u00c4GE:<\/strong><\/li>\n<li class=\"brz-tp-lg-paragraph brz-css-eIM64\" data-uniq-id=\"fG7_i\" data-generated-css=\"brz-css-gS3mA\"><strong>9. <\/strong>Blick seitlich von unten auf vier zusammenklatschenden H\u00e4nden eines Teams unter freiem Himmel; <em>\u00a9 aFotostock &#8211; stock.adobe.com, ID: 313531960<\/em><\/li>\n<li class=\"brz-tp-lg-paragraph brz-css-rgLg6\" data-uniq-id=\"xNmp9\" data-generated-css=\"brz-css-kmmAw\"><strong>8. <\/strong>Collage der Screenshots von Elementen des REGULUS-Forums und der Querschnittsthemen-Websites; <em>\u00a9 Th\u00fcnen Institut f\u00fcr Holzforschung<\/em><\/li>\n<li class=\"brz-tp-lg-paragraph brz-css-tFbEP\" data-uniq-id=\"rqObh\" data-generated-css=\"brz-css-xBTUu\"><strong>7. <\/strong>Prof. Dr. Kleinschmit auf der B\u00fchne der IUFRO Weltkonferenz in Stockholm zur Antrittsrede als Pr\u00e4sidentin; <em>\u00a9 Andy Selter<\/em><\/li>\n<li class=\"brz-tp-lg-paragraph brz-css-bOhE_\" data-uniq-id=\"oqf7P\" data-generated-css=\"brz-css-jN3ZE\"><strong>6.<\/strong> Gruppenbild der REGULUS-Teilnehmenden vor dem mannshohen IUFRO Holzlogo und Treffpunkt vor den Victoriahallen der IUFRO Weltkonferenz; <em>\u00a9 Andy Selter<\/em><\/li>\n<li class=\"brz-tp-lg-paragraph brz-css-pzv78\" data-uniq-id=\"mEeA_\" data-generated-css=\"brz-css-c4n2U\"><strong>5.<\/strong> Artikel auf Seite 172, Ausgabe Nr. 10 des Holzzentralblattes 2023, <em>\u00a9 DRW-Verlag Weinbrenner GmbH &amp; Co. KG<\/em><\/li>\n<li class=\"brz-tp-lg-paragraph brz-css-f5u0Q\" data-uniq-id=\"lnDXk\" data-generated-css=\"brz-css-g0GQ1\"><strong>4.<\/strong> Gruppenbild der Teilnehmenden bei der REGULUS Statuskonferenz 2023 vor dem W\u00e4lderhaus in Hamburg Wilhelmsburg; <em>\u00a9 HARLAPP<\/em><\/li>\n<li class=\"brz-tp-lg-paragraph brz-css-jz2S9\" data-uniq-id=\"bA5f1\" data-generated-css=\"brz-css-cVEHd\"><strong>3.<\/strong> Gruppenbild der REGULUS-Innovationsgruppe ISAR; <em>\u00a9 Tim Kunkowski<\/em><\/li>\n<li class=\"brz-tp-lg-paragraph brz-css-xD0Wm\" data-uniq-id=\"bHtz4\" data-generated-css=\"brz-css-nwj7k\"><strong>2.<\/strong> Gruppenbild auf einer Dachterrasse von fr\u00f6hlich in die Luft springenden Teilnehmenden des REGULUS-Workshops &#8222;agiles Arbeiten&#8220;; <em>\u00a9 Sabine Helm<\/em><\/li>\n<li class=\"brz-tp-lg-paragraph brz-css-xkUgG\" data-uniq-id=\"a7fd3\" data-generated-css=\"brz-css-bhB05\"><strong>1.<\/strong> Portraitcollage von Sabine Helm und Tim Kunkowski; <em>\u00a9 SupplyOn AG, \u00a9 Th\u00fcnen Institut f\u00fcr Holzforschung<\/em><\/li>\n<\/ul>\n<p class=\"brz-tp-lg-paragraph brz-css-rjuwq\" data-uniq-id=\"qZTyW\" data-generated-css=\"brz-css-h3jNI\">&nbsp;<\/p>\n<p class=\"brz-tp-lg-paragraph brz-css-fpXsr\" data-uniq-id=\"b_8oI\" data-generated-css=\"brz-css-lFEGH\"><strong><u>REGULUS-Forum<\/u><\/strong><\/p>\n<ul>\n<li class=\"brz-tp-lg-paragraph brz-css-moJ1r\" data-uniq-id=\"k91pX\" data-generated-css=\"brz-css-hH9hF\"><strong>HEADER:<\/strong><span> Seitlicher bodennaher Blick auf das Wurzelwerk, den Stamm und das Bl\u00e4tterdach eines gro\u00dfen Feigenbaums in einem botanischen Garten; <\/span><em>\u00a9 eranda &#8211; stock.adobe.com, ID: 82846270<\/em><\/li>\n<li class=\"brz-tp-lg-paragraph brz-css-qKBza\" data-uniq-id=\"tHLKi\" data-generated-css=\"brz-css-au1aY\"><strong>KEYPICTURE:<\/strong><\/li>\n<li class=\"brz-tp-lg-paragraph brz-css-i85n_\" data-uniq-id=\"gr4gK\" data-generated-css=\"brz-css-o5YWC\">Gruppenbild der Teilnehmenden bei der REGULUS Statuskonferenz 2023 vor dem W\u00e4lderhaus in Hamburg Wilhelmsburg; <em>\u00a9 HARLAPP<\/em><\/li>\n<li class=\"brz-tp-lg-paragraph brz-css-gSK2v\" data-uniq-id=\"yyCGE\" data-generated-css=\"brz-css-qtgsP\">Bildausschnitt des Gruppenbilds der WaHo_boosties (Hosenbeine); <em>\u00a9 Th\u00fcnen Institut f\u00fcr Holzforschung<\/em><\/li>\n<li class=\"brz-tp-lg-paragraph brz-css-a__gF\" data-uniq-id=\"vEFUa\" data-generated-css=\"brz-css-bBbhQ\">Gruppenbild auf einer Dachterrasse von fr\u00f6hlich in die Luft springenden Teilnehmenden des REGULUS-Workshops &#8222;agiles Arbeiten&#8220;; <em>\u00a9 Sabine Helm<\/em><\/li>\n<li class=\"brz-tp-lg-paragraph brz-css-iYzt_\" data-uniq-id=\"cVoaV\" data-generated-css=\"brz-css-fTl3i\">Nahaufnahme einer Pinwand aus Kork mit einigen bunten Pins; <em>\u00a9 Christiane Trost<\/em><\/li>\n<\/ul>\n<p class=\"brz-tp-lg-paragraph brz-css-jIxJO\" data-uniq-id=\"f5BuB\" data-generated-css=\"brz-css-cjKof\"><\/p>\n<p class=\"brz-tp-lg-paragraph brz-css-hyBEV\" data-uniq-id=\"xEXT4\" data-generated-css=\"brz-css-hNEgk\"><strong><u>REGULUS-Kontakt<\/u><\/strong><\/p>\n<ul>\n<li class=\"brz-tp-lg-paragraph brz-css-uXsr9\" data-uniq-id=\"stjk_\" data-generated-css=\"brz-css-qTpsl\"><strong>HEADER:<\/strong><span> Seitlicher bodennaher Blick auf das Wurzelwerk, den Stamm und das Bl\u00e4tterdach eines gro\u00dfen Feigenbaums in einem botanischen Garten; <\/span><em>\u00a9 eranda &#8211; stock.adobe.com, ID: 82846270<\/em><\/li>\n<li class=\"brz-tp-lg-paragraph brz-css-b3Dpc\" data-uniq-id=\"eRvN9\" data-generated-css=\"brz-css-bKiSv\"><strong>PORTRAITS: <\/strong><\/li>\n<li class=\"brz-tp-lg-paragraph brz-css-zMmfi\" data-uniq-id=\"c6dcJ\" data-generated-css=\"brz-css-pmFzB\">Malte Krafft; <em>\u00a9 Th\u00fcnen Institut f\u00fcr Holzforschung<\/em><\/li>\n<li class=\"brz-tp-lg-paragraph brz-css-rVuE4\" data-uniq-id=\"b1rCn\" data-generated-css=\"brz-css-cxwR2\">Christiane Trost; <em>\u00a9 Th\u00fcnen Institut f\u00fcr Holzforschung<\/em><\/li>\n<li class=\"brz-tp-lg-paragraph brz-css-f3b7O\" data-uniq-id=\"jz_pV\" data-generated-css=\"brz-css-uUmz1\">Andy Selter; <em>\u00a9 Th\u00fcnen Institut f\u00fcr Holzforschung<\/em><\/li>\n<li class=\"brz-tp-lg-paragraph brz-css-m9wQ3\" data-uniq-id=\"dLU7c\" data-generated-css=\"brz-css-pniVm\">Lea Ostrowski; <em>\u00a9 Th\u00fcnen Institut f\u00fcr Holzforschung<\/em><\/li>\n<li class=\"brz-tp-lg-paragraph brz-css-w3tE3\" data-uniq-id=\"hFOKq\" data-generated-css=\"brz-css-ay9ie\">Tim Kunkowski; <em>\u00a9 Th\u00fcnen Institut f\u00fcr Holzforschung<\/em><\/li>\n<li class=\"brz-tp-lg-paragraph brz-css-jOwRW\" data-uniq-id=\"cO92l\" data-generated-css=\"brz-css-qp1B9\">Andreas Krause; <em>\u00a9 Th\u00fcnen Institut f\u00fcr Holzforschung<\/em><\/li>\n<li class=\"brz-tp-lg-paragraph brz-css-zTdYw\" data-uniq-id=\"fMrmB\" data-generated-css=\"brz-css-l7E7p\">Daniela Kleinschmit; <em>\u00a9 Universit\u00e4t Freiburg<\/em><\/li>\n<li class=\"brz-tp-lg-paragraph brz-css-ttfHe\" data-uniq-id=\"xXqd3\" data-generated-css=\"brz-css-xjqRY\">Klaus Richter; <em>\u00a9 F\u00f6rderverein Zentrum Wald-Forst-Holz Weihenstephan e.V.<\/em><\/li>\n<li class=\"brz-tp-lg-paragraph brz-css-s_b1e\" data-uniq-id=\"bvCds\" data-generated-css=\"brz-css-zcM8q\">Andreas Bolte; <em>\u00a9 Th\u00fcnen Institut f\u00fcr Wald\u00f6konomie<\/em><\/li>\n<\/ul>\n<\/div>\n<\/div>\n<\/div>\n<\/div>\n<\/div>\n<\/section>\n<\/div>\n<p>    <!-- version:1737003555 --><\/p>","protected":false},"excerpt":{"rendered":"<p>Bildnachweis REGULUS-Startseite HEADER: Blick in einen Mischwald mit gesch\u00e4ltem, querliegendem Polter davor; \u00a9 Andy Selter HIGHLIGHTS: Prof. Dr. Kleinschmit auf der B\u00fchne der IUFRO zur Antrittsrede als Pr\u00e4sidentin; \u00a9 Andy Selter \u00dcber REGULUS HEADER: Blick in einen sonnenbeschienenden, frischgr\u00fcnenden Mischwald auf einer mit hohem Gras bewachsenen R\u00fcckegasse stehend; \u00a9 Th\u00fcnen Institut f\u00fcr Wald\u00f6kosysteme KEYPICTURE: Blick [&hellip;]<\/p>\n","protected":false},"author":6,"featured_media":0,"parent":0,"menu_order":0,"comment_status":"closed","ping_status":"closed","template":"brizy-blank-template.php","meta":{"footnotes":""},"class_list":["post-26668","page","type-page","status-publish","hentry","entry"],"yoast_head":"<!-- This site is optimized with the Yoast SEO plugin v27.5 - https:\/\/yoast.com\/product\/yoast-seo-wordpress\/ -->\n<title>Bildnachweis | REGULUS<\/title>\n<meta name=\"description\" content=\"Bildquellen und Lizenznachweise zu verwendeten Fotos auf der REGULUS-Website\" \/>\n<meta name=\"robots\" content=\"index, follow, max-snippet:-1, max-image-preview:large, max-video-preview:-1\" \/>\n<link rel=\"canonical\" href=\"https:\/\/regulus-waldholz.de\/en\/bildnachweis\/\" \/>\n<meta property=\"og:locale\" content=\"en_GB\" \/>\n<meta property=\"og:type\" content=\"article\" \/>\n<meta property=\"og:title\" content=\"Bildnachweis | REGULUS\" \/>\n<meta property=\"og:description\" content=\"Bildquellen und Lizenznachweise zu verwendeten Fotos auf der REGULUS-Website\" \/>\n<meta property=\"og:url\" content=\"https:\/\/regulus-waldholz.de\/en\/bildnachweis\/\" \/>\n<meta property=\"og:site_name\" content=\"REGULUS\" \/>\n<meta property=\"article:modified_time\" content=\"2026-04-06T14:48:47+00:00\" \/>\n<meta name=\"twitter:card\" content=\"summary_large_image\" \/>\n<meta name=\"twitter:label1\" content=\"Estimated reading time\" \/>\n\t<meta name=\"twitter:data1\" content=\"4 minutes\" \/>\n<script type=\"application\/ld+json\" class=\"yoast-schema-graph\">{\"@context\":\"https:\\\/\\\/schema.org\",\"@graph\":[{\"@type\":\"WebPage\",\"@id\":\"https:\\\/\\\/regulus-waldholz.de\\\/en\\\/bildnachweis\\\/\",\"url\":\"https:\\\/\\\/regulus-waldholz.de\\\/en\\\/bildnachweis\\\/\",\"name\":\"Bildnachweis | REGULUS\",\"isPartOf\":{\"@id\":\"https:\\\/\\\/regulus-waldholz.de\\\/#website\"},\"datePublished\":\"2024-08-16T07:38:29+00:00\",\"dateModified\":\"2026-04-06T14:48:47+00:00\",\"description\":\"Bildquellen und Lizenznachweise zu verwendeten Fotos auf der REGULUS-Website\",\"breadcrumb\":{\"@id\":\"https:\\\/\\\/regulus-waldholz.de\\\/en\\\/bildnachweis\\\/#breadcrumb\"},\"inLanguage\":\"en-GB\",\"potentialAction\":[{\"@type\":\"ReadAction\",\"target\":[\"https:\\\/\\\/regulus-waldholz.de\\\/en\\\/bildnachweis\\\/\"]}]},{\"@type\":\"BreadcrumbList\",\"@id\":\"https:\\\/\\\/regulus-waldholz.de\\\/en\\\/bildnachweis\\\/#breadcrumb\",\"itemListElement\":[{\"@type\":\"ListItem\",\"position\":1,\"name\":\"Startseite\",\"item\":\"https:\\\/\\\/regulus-waldholz.de\\\/\"},{\"@type\":\"ListItem\",\"position\":2,\"name\":\"Bildnachweis\"}]},{\"@type\":\"WebSite\",\"@id\":\"https:\\\/\\\/regulus-waldholz.de\\\/#website\",\"url\":\"https:\\\/\\\/regulus-waldholz.de\\\/\",\"name\":\"REGULUS\",\"description\":\"Offizielle Seite des REGULUS-Projekts\",\"publisher\":{\"@id\":\"https:\\\/\\\/regulus-waldholz.de\\\/#organization\"},\"potentialAction\":[{\"@type\":\"SearchAction\",\"target\":{\"@type\":\"EntryPoint\",\"urlTemplate\":\"https:\\\/\\\/regulus-waldholz.de\\\/?s={search_term_string}\"},\"query-input\":{\"@type\":\"PropertyValueSpecification\",\"valueRequired\":true,\"valueName\":\"search_term_string\"}}],\"inLanguage\":\"en-GB\"},{\"@type\":\"Organization\",\"@id\":\"https:\\\/\\\/regulus-waldholz.de\\\/#organization\",\"name\":\"REGULUS\",\"url\":\"https:\\\/\\\/regulus-waldholz.de\\\/\",\"logo\":{\"@type\":\"ImageObject\",\"inLanguage\":\"en-GB\",\"@id\":\"https:\\\/\\\/regulus-waldholz.de\\\/#\\\/schema\\\/logo\\\/image\\\/\",\"url\":\"\",\"contentUrl\":\"\",\"caption\":\"REGULUS\"},\"image\":{\"@id\":\"https:\\\/\\\/regulus-waldholz.de\\\/#\\\/schema\\\/logo\\\/image\\\/\"}}]}<\/script>\n<!-- \/ Yoast SEO plugin. -->","yoast_head_json":{"title":"Bildnachweis | REGULUS","description":"Bildquellen und Lizenznachweise zu verwendeten Fotos auf der REGULUS-Website","robots":{"index":"index","follow":"follow","max-snippet":"max-snippet:-1","max-image-preview":"max-image-preview:large","max-video-preview":"max-video-preview:-1"},"canonical":"https:\/\/regulus-waldholz.de\/en\/bildnachweis\/","og_locale":"en_GB","og_type":"article","og_title":"Bildnachweis | REGULUS","og_description":"Bildquellen und Lizenznachweise zu verwendeten Fotos auf der REGULUS-Website","og_url":"https:\/\/regulus-waldholz.de\/en\/bildnachweis\/","og_site_name":"REGULUS","article_modified_time":"2026-04-06T14:48:47+00:00","twitter_card":"summary_large_image","twitter_misc":{"Estimated reading time":"4 minutes"},"schema":{"@context":"https:\/\/schema.org","@graph":[{"@type":"WebPage","@id":"https:\/\/regulus-waldholz.de\/en\/bildnachweis\/","url":"https:\/\/regulus-waldholz.de\/en\/bildnachweis\/","name":"Bildnachweis | REGULUS","isPartOf":{"@id":"https:\/\/regulus-waldholz.de\/#website"},"datePublished":"2024-08-16T07:38:29+00:00","dateModified":"2026-04-06T14:48:47+00:00","description":"Bildquellen und Lizenznachweise zu verwendeten Fotos auf der REGULUS-Website","breadcrumb":{"@id":"https:\/\/regulus-waldholz.de\/en\/bildnachweis\/#breadcrumb"},"inLanguage":"en-GB","potentialAction":[{"@type":"ReadAction","target":["https:\/\/regulus-waldholz.de\/en\/bildnachweis\/"]}]},{"@type":"BreadcrumbList","@id":"https:\/\/regulus-waldholz.de\/en\/bildnachweis\/#breadcrumb","itemListElement":[{"@type":"ListItem","position":1,"name":"Startseite","item":"https:\/\/regulus-waldholz.de\/"},{"@type":"ListItem","position":2,"name":"Bildnachweis"}]},{"@type":"WebSite","@id":"https:\/\/regulus-waldholz.de\/#website","url":"https:\/\/regulus-waldholz.de\/","name":"REGULUS","description":"Offizielle Seite des REGULUS-Projekts","publisher":{"@id":"https:\/\/regulus-waldholz.de\/#organization"},"potentialAction":[{"@type":"SearchAction","target":{"@type":"EntryPoint","urlTemplate":"https:\/\/regulus-waldholz.de\/?s={search_term_string}"},"query-input":{"@type":"PropertyValueSpecification","valueRequired":true,"valueName":"search_term_string"}}],"inLanguage":"en-GB"},{"@type":"Organization","@id":"https:\/\/regulus-waldholz.de\/#organization","name":"REGULUS","url":"https:\/\/regulus-waldholz.de\/","logo":{"@type":"ImageObject","inLanguage":"en-GB","@id":"https:\/\/regulus-waldholz.de\/#\/schema\/logo\/image\/","url":"","contentUrl":"","caption":"REGULUS"},"image":{"@id":"https:\/\/regulus-waldholz.de\/#\/schema\/logo\/image\/"}}]}},"brizy_media":[],"_links":{"self":[{"href":"https:\/\/regulus-waldholz.de\/en\/wp-json\/wp\/v2\/pages\/26668","targetHints":{"allow":["GET"]}}],"collection":[{"href":"https:\/\/regulus-waldholz.de\/en\/wp-json\/wp\/v2\/pages"}],"about":[{"href":"https:\/\/regulus-waldholz.de\/en\/wp-json\/wp\/v2\/types\/page"}],"author":[{"embeddable":true,"href":"https:\/\/regulus-waldholz.de\/en\/wp-json\/wp\/v2\/users\/6"}],"replies":[{"embeddable":true,"href":"https:\/\/regulus-waldholz.de\/en\/wp-json\/wp\/v2\/comments?post=26668"}],"version-history":[{"count":0,"href":"https:\/\/regulus-waldholz.de\/en\/wp-json\/wp\/v2\/pages\/26668\/revisions"}],"wp:attachment":[{"href":"https:\/\/regulus-waldholz.de\/en\/wp-json\/wp\/v2\/media?parent=26668"}],"curies":[{"name":"wp","href":"https:\/\/api.w.org\/{rel}","templated":true}]}}